{"id":1362,"date":"2019-03-30T16:40:57","date_gmt":"2019-03-30T15:40:57","guid":{"rendered":"https:\/\/firmalan.com\/sv\/?page_id=1362"},"modified":"2026-07-29T13:51:14","modified_gmt":"2026-07-29T13:51:14","slug":"kreditkort","status":"publish","type":"page","link":"https:\/\/firmalan.noordev.se\/sv\/foretagskort\/kreditkort\/","title":{"rendered":"Kreditkort"},"content":{"rendered":"\n<p class=\"wp-block-paragraph\">Det \u00e4r inte riktigt lika vanligt med kreditkort f\u00f6r f\u00f6retag som f\u00f6r privata hush\u00e5ll. Det beror fr\u00e4mst p\u00e5 att det inte \u00e4r lika sj\u00e4lvklart hur man f\u00f6rdelar betalningsansvaret inom kommersiell verksamheter j\u00e4mf\u00f6rt med den personliga sf\u00e4ren. Det finns tv\u00e5 olika m\u00f6jligheter f\u00f6r juridiska f\u00f6retagsformer (exempelvis aktiebolag och handelsbolag) att v\u00e4lja mellan, antingen har <strong><a href=\"\/#foretaget-betalningsansvar\">f\u00f6retaget betalningsansvar<\/a><\/strong> eller f\u00f6rbinder sig namngiven kortinnehavaren till ett <strong><a href=\"\/#personligt-betalningsansvar\">privat\/personligt betalningsansvar<\/a><\/strong>, <a href=\"https:\/\/firmalan.noordev.se\/firmakort\/american-express\/\">American Express f\u00f6retagskort<\/a> erbjuder \u00e4ven m\u00f6jligheten att v\u00e4lja <strong>delat betalningsansvar<\/strong>.<\/p>\n\n\n\n<h2 class=\"wp-block-heading\">V\u00e4lj kreditkort<\/h2>\n\n\n\n<h3 class=\"wp-block-heading\">Privata kreditkort<\/h3>\n\n\n<p>[adservice-comparison-feed-iframe]<\/p>\n\n\n\n<hr class=\"wp-block-separator has-alpha-channel-opacity\"\/>\n\n\n\n<p class=\"wp-block-paragraph\">V\u00e4lj mellan&nbsp;4&nbsp;st olika f\u00f6retagskreditkort<\/p>\n\n\n\n<p class=\"wp-block-paragraph\">J\u00e4mf\u00f6r kreditkort f\u00f6r b\u00e5de sm\u00e5 och stora f\u00f6retag<\/p>\n\n\n\n<figure class=\"wp-block-table\"><table class=\"has-fixed-layout\"><thead><tr><th>Kreditkort<\/th><th>\u00c5rsavgift<\/th><th>Kreditgr\u00e4ns<\/th><th>R\u00e4ntefria dagar<\/th><th>Kortutgivare<\/th><\/tr><\/thead><tbody><tr><td><\/td><td>195 kr<\/td><td>15.000\u2013100.000 kr<\/td><td>Upp till 50 dagar<\/td><td><img loading=\"lazy\" decoding=\"async\" width=\"150\" height=\"75\" src=\"https:\/\/firmalan.com\/sv\/wp-content\/uploads\/2018\/06\/maginalen-logo-150x75.png\" alt=\"\" srcset=\"https:\/\/firmalan.com\/sv\/wp-content\/uploads\/2018\/06\/maginalen-logo-150x75.png 150w, https:\/\/firmalan.com\/sv\/wp-content\/uploads\/2018\/06\/maginalen-logo.png 300w\"><br>\u2605\u2605\u2605\u2605\u2605\u2605\u2605\u2605\u2605\u26054.1 (totalt 100 r\u00f6ster)\ud83d\udec8<br>Marginalen Bank<br>516406-0807<br><a href=\"https:\/\/firmalan.com\/sv\/lana-pengar\/marginalen-bank\/\">Mer info<\/a><\/td><\/tr><tr><td>OKQ8 f\u00f6retagskort <img loading=\"lazy\" decoding=\"async\" src=\"https:\/\/firmalan.com\/sv\/wp-content\/uploads\/2019\/03\/okq8-foretagskort.png\" alt=\"\" width=\"227\" height=\"145\"><\/td><td>0 kr<\/td><td>500-100 000 kr<\/td><td><\/td><td><img loading=\"lazy\" decoding=\"async\" width=\"150\" height=\"75\" src=\"https:\/\/firmalan.com\/sv\/wp-content\/uploads\/2019\/03\/okq8-logo-150x75.png\" alt=\"\" srcset=\"https:\/\/firmalan.com\/sv\/wp-content\/uploads\/2019\/03\/okq8-logo-150x75.png 150w, https:\/\/firmalan.com\/sv\/wp-content\/uploads\/2019\/03\/okq8-logo.png 300w\"><br><br>OK-Q8 AB<br>556027-3244<br><a href=\"\/sv\/go\/okq8-tankkort-betalkort\/\" target=\"_blank\" rel=\"noreferrer noopener\">Kortans\u00f6kan<\/a><br><a href=\"https:\/\/firmalan.com\/sv\/firmakort\/okq8-tankkort-betalkort\/\">Mer info<\/a><\/td><\/tr><tr><td>SEB Corporate Limit <img loading=\"lazy\" decoding=\"async\" src=\"https:\/\/firmalan.com\/sv\/wp-content\/uploads\/2019\/03\/SEB-corporate-limit.png\" alt=\"\" width=\"227\" height=\"145\"><\/td><td>250-550 kr\/\u00e5r<\/td><td>Max 50.000 kr<\/td><td>45 dagar<\/td><td><img loading=\"lazy\" decoding=\"async\" width=\"300\" height=\"150\" src=\"https:\/\/firmalan.com\/sv\/wp-content\/uploads\/2018\/04\/seb.png\" alt=\"\"><br>\u2605\u2605\u2605\u2605\u2605\u2605\u2605\u2605\u2605\u26052.3 (totalt 61 r\u00f6ster)\ud83d\udec8<br>SEB AB<br>502032-9081<br><a href=\"https:\/\/firmalan.com\/sv\/lana-pengar\/seb\/\">Mer info<\/a><\/td><\/tr><tr><td>Swedbank VISA Business Card <img loading=\"lazy\" decoding=\"async\" src=\"https:\/\/firmalan.com\/sv\/wp-content\/uploads\/2019\/03\/Swedbank-Visa-Business-Card.png\" alt=\"\" width=\"227\" height=\"145\"><\/td><td>450-570 kr\/\u00e5r<\/td><td>max 100.000 kr<\/td><td>Upp till 10 dagar<\/td><td><img loading=\"lazy\" decoding=\"async\" width=\"300\" height=\"150\" src=\"https:\/\/firmalan.com\/sv\/wp-content\/uploads\/2018\/04\/swedbank.png\" alt=\"\"><br>\u2605\u2605\u2605\u2605\u2605\u2605\u2605\u2605\u2605\u26051.2 (totalt 95 r\u00f6ster)\ud83d\udec8<br>Swedbank AB<br>502017-7753<br><a href=\"https:\/\/firmalan.com\/sv\/lana-pengar\/swedbank\/\">Mer info<\/a><\/td><\/tr><\/tbody><\/table><\/figure>\n\n\n\n<p class=\"wp-block-paragraph\"><\/p>\n\n\n\n<h3 class=\"wp-block-heading\">Aspekter att t\u00e4nka p\u00e5<\/h3>\n\n\n\n<h5 class=\"wp-block-heading\">Kreditlimit<\/h5>\n\n\n\n<p class=\"wp-block-paragraph\">Den fr\u00e4msta skillnaden mellan ett vanligt bankkort och kreditkort \u00e4r att den f\u00f6rst n\u00e4mnda saknar den kreditlimit som den senare har. I samband med ans\u00f6kan kan generellt ett \u00f6nskat kreditutrymme anges. Hur stor kreditlimit som beviljas beror p\u00e5 kreditkortets villkor, era behov och \u00f6nskem\u00e5l samt kortutgivarens bed\u00f6mning av er aktuella \u00e5terbetalningsf\u00f6rm\u00e5ga. Limiten kan oftast h\u00f6jas i efterhand men d\u00e5 kr\u00e4vs en ny ans\u00f6kan och ytterligare kreditpr\u00f6vning.<\/p>\n\n\n\n<h5 class=\"wp-block-heading\">Betalningsfrist &#8211; Antal r\u00e4ntefria dagar<\/h5>\n\n\n\n<p class=\"wp-block-paragraph\">Minst lika viktigt som hur stor kredit som kan kopplas till kreditkortet \u00e4r l\u00e4ngden p\u00e5 betalningsfristen, dvs. hur m\u00e5nga r\u00e4ntefria dagar som beviljas mellan tiden f\u00f6r ink\u00f6p och f\u00f6rfallodatumet. Normalt har kreditkort ca 30-60 r\u00e4ntefria dagar. T\u00e4nk p\u00e5 att \u00e4ven m\u00e5nga f\u00f6retagskort som \u00e4r s\u00e5 kallade betalkort erbjuder ink\u00f6p mot faktura med en betalningsfrist p\u00e5 15-30 dagar.<\/p>\n\n\n\n<h5 class=\"wp-block-heading\">Resef\u00f6rs\u00e4kring<\/h5>\n\n\n\n<p class=\"wp-block-paragraph\">Eftersom de stora kortf\u00f6retagen Mastercard och Visa tj\u00e4nar pengar p\u00e5 mycket stora transaktionsvolymer, vill man uppmuntra b\u00e5de privatpersoner och f\u00f6retag att anv\u00e4nda deras kreditkort i samband med ink\u00f6p. Att erbjuda resef\u00f6rs\u00e4kring \u00e5t den som betalar minst 75% av resan med ett Mastercard- eller Visa-kort \u00e4r ett mycket effektivt s\u00e4tt att f\u00e5 kunder att anv\u00e4nda kreditkort i samband med resor, hotell- och flygbokningar. F\u00f6r dig som kund \u00e4r detta erbjudande naturligtvis ocks\u00e5 mycket gynnsamt, d\u00e5 mycket kan intr\u00e4ffa n\u00e4r man befinner sig p\u00e5 resande fot.<\/p>\n\n\n\n<h5 class=\"wp-block-heading\">Bonusar<\/h5>\n\n\n\n<p class=\"wp-block-paragraph\">Kreditkort som riktar sig prim\u00e4rt till privatpersoner ger ofta bonus p\u00e5 ink\u00f6p gjorda med kort, f\u00f6retagskort har i regel inte riktigt lika frikostiga bonusvillkor men de f\u00f6rekommer. Bensin\/tankkort \u00e4r exempel p\u00e5 betalkort med bonus d\u00e4r drivmedel erbjuds till gener\u00f6sa f\u00f6retagsrabatter.<\/p>\n\n\n\n<h3 class=\"wp-block-heading\">Kreditkort d\u00e4r f\u00f6retaget har betalningsansvar<\/h3>\n\n\n\n<p class=\"wp-block-paragraph\">De administrativa f\u00f6rdelarna med att l\u00e5ta f\u00f6retaget ha betalningsansvar f\u00f6r kreditkorten \u00e4r flera. F\u00f6rst och fr\u00e4mst blir den administrativa b\u00f6rdan mindre n\u00e4r alla poster hamnar p\u00e5 fakturor utst\u00e4llda direkt p\u00e5 f\u00f6retaget, ist\u00e4llet f\u00f6r att transaktionerna sprids ut \u00f6ver flera olika konton d\u00e4r medarbetare tvingas l\u00e4gga ut f\u00f6r k\u00f6p f\u00f6r att i ett senare skede \u00e5terkr\u00e4va dessa pengar.<\/p>\n\n\n\n<p class=\"wp-block-paragraph\">Ett annat sk\u00e4l till att l\u00e5ta f\u00f6retaget st\u00e5r som betalningsansvarig \u00e4r att det hela tiden kommer nya tekniska l\u00f6sningar som \u00f6ppnar upp f\u00f6r m\u00f6jligheter att \u00f6vervaka transaktioner och anpassa villkor i realtid. Men denna typ av automatiserad kortadministration kr\u00e4ver att de kreditkort som skall \u00f6vervakas \u00e4r kopplade direkt till f\u00f6retaget och inte till en enskild individ.<\/p>\n\n\n\n<p class=\"wp-block-paragraph\">Kreditkort d\u00e4r f\u00f6retag st\u00e5r som betalningsansvarig \u00e4r till syvende och sist en fr\u00e5ga om f\u00f6rtroende, g\u00e5r det att lita p\u00e5 att krediten endast anv\u00e4nds till det den \u00e4r t\u00e4nk och inte missbrukas?<\/p>\n\n\n\n<h3 class=\"wp-block-heading\">Kreditkort med personligt betalningsansvar<\/h3>\n\n\n\n<p class=\"wp-block-paragraph\">Trots att f\u00f6retagskort har flera administrativa f\u00f6rdelar, \u00e4r det \u00e4nd\u00e5 ganska m\u00e5nga f\u00f6retag som f\u00f6redrar att personalen anv\u00e4nder kreditkort med personligt betalningsansvar eller deras privata kreditkort i samband med resor och representation, den naturliga f\u00f6ljdfr\u00e5gan \u00e4r varf\u00f6r?<\/p>\n\n\n\n<p class=\"wp-block-paragraph\">Det finns faktiskt ett antal f\u00f6rdelar med att l\u00e5ta den anst\u00e4llda st\u00e5 som personligt betalningsansvarig. Vi har redan varit inne p\u00e5 f\u00f6rtroendefr\u00e5gan och den kreditrisk som f\u00f6retag tar om de st\u00e5r som betalningsansvariga, men det finns fler f\u00f6rdelar med att l\u00e4mpa \u00f6ver risken p\u00e5 den enskilda medarbetaren.<\/p>\n\n\n\n<p class=\"wp-block-paragraph\">I grunden inneb\u00e4r kreditkort med personligt betalningsansvar att f\u00f6retaget betalar \u00e5rsavgiften, men det \u00e4r den enskilda kortinnehavarens kreditlinje och kreditbetyg som belastas. Detta uppl\u00e4gg g\u00f6r det m\u00f6jligt f\u00f6r dig som arbetsgivare att undvika stora kreditposter n\u00e5got som i sin tur minimerar p\u00e5verkan p\u00e5 f\u00f6retagets balansr\u00e4kning, vilket ocks\u00e5 borgar f\u00f6r en god kreditv\u00e4rdighet. Utan en god kreditv\u00e4rdighet \u00e4r det mycket sv\u00e5rt att f\u00e5 l\u00e5n och det finns risk att potentiella investerare skr\u00e4ms bort. F\u00f6r nystartade och mindre bolag med anst\u00e4llda som reser mycket i tj\u00e4nsten kan det d\u00e4rf\u00f6r vara klokt att l\u00e5ta den enskilda medarbetaren st\u00e5 som betalningsansvarig.<\/p>\n","protected":false},"excerpt":{"rendered":"<p>Det \u00e4r inte riktigt lika vanligt med kreditkort f\u00f6r f\u00f6retag som f\u00f6r privata hush\u00e5ll. Det beror fr\u00e4mst p\u00e5 att det inte \u00e4r lika sj\u00e4lvklart hur man f\u00f6rdelar betalningsansvaret inom kommersiell verksamheter j\u00e4mf\u00f6rt med den personliga sf\u00e4ren. Det finns tv\u00e5 olika m\u00f6jligheter f\u00f6r juridiska f\u00f6retagsformer (exempelvis aktiebolag och handelsbolag) att v\u00e4lja mellan, antingen har f\u00f6retaget betalningsansvar [&hellip;]<\/p>\n","protected":false},"author":1,"featured_media":0,"parent":2498,"menu_order":0,"comment_status":"closed","ping_status":"closed","template":"","meta":{"inline_featured_image":false,"footnotes":""},"class_list":["post-1362","page","type-page","status-publish","hentry"],"yoast_head":"<!-- This site is optimized with the Yoast SEO plugin v28.2 - https:\/\/yoast.com\/product\/yoast-seo-wordpress\/ -->\n<title>F\u00f6retagskreditkort &amp; privat kreditkort till anst\u00e4llda i tj\u00e4nst\/f\u00f6retag<\/title>\n<meta name=\"robots\" content=\"noindex, follow, max-snippet:-1, max-image-preview:large, max-video-preview:-1\" \/>\n<meta property=\"og:locale\" content=\"sv_SE\" \/>\n<meta property=\"og:type\" content=\"article\" \/>\n<meta property=\"og:title\" content=\"F\u00f6retagskreditkort &amp; privat kreditkort till anst\u00e4llda i tj\u00e4nst\/f\u00f6retag\" \/>\n<meta property=\"og:description\" content=\"Det \u00e4r inte riktigt lika vanligt med kreditkort f\u00f6r f\u00f6retag som f\u00f6r privata hush\u00e5ll. Det beror fr\u00e4mst p\u00e5 att det inte \u00e4r lika sj\u00e4lvklart hur man f\u00f6rdelar betalningsansvaret inom kommersiell verksamheter j\u00e4mf\u00f6rt med den personliga sf\u00e4ren. Det finns tv\u00e5 olika m\u00f6jligheter f\u00f6r juridiska f\u00f6retagsformer (exempelvis aktiebolag och handelsbolag) att v\u00e4lja mellan, antingen har f\u00f6retaget betalningsansvar [&hellip;]\" \/>\n<meta property=\"og:url\" content=\"https:\/\/firmalan.noordev.se\/sv\/foretagskort\/kreditkort\/\" \/>\n<meta property=\"og:site_name\" content=\"Firmalan.com\" \/>\n<meta property=\"article:modified_time\" content=\"2026-07-29T13:51:14+00:00\" \/>\n<meta property=\"og:image\" content=\"https:\/\/firmalan.com\/sv\/wp-content\/uploads\/2018\/06\/maginalen-logo-150x75.png\" \/>\n<meta name=\"twitter:card\" content=\"summary_large_image\" \/>\n<meta name=\"twitter:label1\" content=\"Ber\u00e4knad l\u00e4stid\" \/>\n\t<meta name=\"twitter:data1\" content=\"5 minuter\" \/>\n<script type=\"application\/ld+json\" class=\"yoast-schema-graph\">{\"@context\":\"https:\\\/\\\/schema.org\",\"@graph\":[{\"@type\":\"WebPage\",\"@id\":\"https:\\\/\\\/firmalan.noordev.se\\\/sv\\\/foretagskort\\\/kreditkort\\\/\",\"url\":\"https:\\\/\\\/firmalan.noordev.se\\\/sv\\\/foretagskort\\\/kreditkort\\\/\",\"name\":\"F\u00f6retagskreditkort & privat kreditkort till anst\u00e4llda i tj\u00e4nst\\\/f\u00f6retag\",\"isPartOf\":{\"@id\":\"https:\\\/\\\/firmalan.noordev.se\\\/sv\\\/#website\"},\"primaryImageOfPage\":{\"@id\":\"https:\\\/\\\/firmalan.noordev.se\\\/sv\\\/foretagskort\\\/kreditkort\\\/#primaryimage\"},\"image\":{\"@id\":\"https:\\\/\\\/firmalan.noordev.se\\\/sv\\\/foretagskort\\\/kreditkort\\\/#primaryimage\"},\"thumbnailUrl\":\"https:\\\/\\\/firmalan.com\\\/sv\\\/wp-content\\\/uploads\\\/2018\\\/06\\\/maginalen-logo-150x75.png\",\"datePublished\":\"2019-03-30T15:40:57+00:00\",\"dateModified\":\"2026-07-29T13:51:14+00:00\",\"breadcrumb\":{\"@id\":\"https:\\\/\\\/firmalan.noordev.se\\\/sv\\\/foretagskort\\\/kreditkort\\\/#breadcrumb\"},\"inLanguage\":\"sv-SE\",\"potentialAction\":[{\"@type\":\"ReadAction\",\"target\":[\"https:\\\/\\\/firmalan.noordev.se\\\/sv\\\/foretagskort\\\/kreditkort\\\/\"]}]},{\"@type\":\"ImageObject\",\"inLanguage\":\"sv-SE\",\"@id\":\"https:\\\/\\\/firmalan.noordev.se\\\/sv\\\/foretagskort\\\/kreditkort\\\/#primaryimage\",\"url\":\"https:\\\/\\\/firmalan.com\\\/sv\\\/wp-content\\\/uploads\\\/2018\\\/06\\\/maginalen-logo-150x75.png\",\"contentUrl\":\"https:\\\/\\\/firmalan.com\\\/sv\\\/wp-content\\\/uploads\\\/2018\\\/06\\\/maginalen-logo-150x75.png\"},{\"@type\":\"BreadcrumbList\",\"@id\":\"https:\\\/\\\/firmalan.noordev.se\\\/sv\\\/foretagskort\\\/kreditkort\\\/#breadcrumb\",\"itemListElement\":[{\"@type\":\"ListItem\",\"position\":1,\"name\":\"Home\",\"item\":\"https:\\\/\\\/firmalan.noordev.se\\\/sv\\\/\"},{\"@type\":\"ListItem\",\"position\":2,\"name\":\"F\u00f6retagskort\",\"item\":\"https:\\\/\\\/firmalan.noordev.se\\\/sv\\\/foretagskort\\\/\"},{\"@type\":\"ListItem\",\"position\":3,\"name\":\"Kreditkort\"}]},{\"@type\":\"WebSite\",\"@id\":\"https:\\\/\\\/firmalan.noordev.se\\\/sv\\\/#website\",\"url\":\"https:\\\/\\\/firmalan.noordev.se\\\/sv\\\/\",\"name\":\"Firmalan.com\",\"description\":\"Small business loans and company credits\",\"publisher\":{\"@id\":\"https:\\\/\\\/firmalan.noordev.se\\\/sv\\\/#organization\"},\"potentialAction\":[{\"@type\":\"SearchAction\",\"target\":{\"@type\":\"EntryPoint\",\"urlTemplate\":\"https:\\\/\\\/firmalan.noordev.se\\\/sv\\\/?s={search_term_string}\"},\"query-input\":{\"@type\":\"PropertyValueSpecification\",\"valueRequired\":true,\"valueName\":\"search_term_string\"}}],\"inLanguage\":\"sv-SE\"},{\"@type\":\"Organization\",\"@id\":\"https:\\\/\\\/firmalan.noordev.se\\\/sv\\\/#organization\",\"name\":\"Firmalan.com\",\"url\":\"https:\\\/\\\/firmalan.noordev.se\\\/sv\\\/\",\"logo\":{\"@type\":\"ImageObject\",\"inLanguage\":\"sv-SE\",\"@id\":\"https:\\\/\\\/firmalan.noordev.se\\\/sv\\\/#\\\/schema\\\/logo\\\/image\\\/\",\"url\":\"https:\\\/\\\/firmalan.noordev.se\\\/wp-content\\\/uploads\\\/2026\\\/07\\\/logo.png\",\"contentUrl\":\"https:\\\/\\\/firmalan.noordev.se\\\/wp-content\\\/uploads\\\/2026\\\/07\\\/logo.png\",\"width\":250,\"height\":65,\"caption\":\"Firmalan.com\"},\"image\":{\"@id\":\"https:\\\/\\\/firmalan.noordev.se\\\/sv\\\/#\\\/schema\\\/logo\\\/image\\\/\"}}]}<\/script>\n<!-- \/ Yoast SEO plugin. -->","yoast_head_json":{"title":"F\u00f6retagskreditkort & privat kreditkort till anst\u00e4llda i tj\u00e4nst\/f\u00f6retag","robots":{"index":"noindex","follow":"follow","max-snippet":"max-snippet:-1","max-image-preview":"max-image-preview:large","max-video-preview":"max-video-preview:-1"},"og_locale":"sv_SE","og_type":"article","og_title":"F\u00f6retagskreditkort & privat kreditkort till anst\u00e4llda i tj\u00e4nst\/f\u00f6retag","og_description":"Det \u00e4r inte riktigt lika vanligt med kreditkort f\u00f6r f\u00f6retag som f\u00f6r privata hush\u00e5ll. Det beror fr\u00e4mst p\u00e5 att det inte \u00e4r lika sj\u00e4lvklart hur man f\u00f6rdelar betalningsansvaret inom kommersiell verksamheter j\u00e4mf\u00f6rt med den personliga sf\u00e4ren. Det finns tv\u00e5 olika m\u00f6jligheter f\u00f6r juridiska f\u00f6retagsformer (exempelvis aktiebolag och handelsbolag) att v\u00e4lja mellan, antingen har f\u00f6retaget betalningsansvar [&hellip;]","og_url":"https:\/\/firmalan.noordev.se\/sv\/foretagskort\/kreditkort\/","og_site_name":"Firmalan.com","article_modified_time":"2026-07-29T13:51:14+00:00","og_image":[{"url":"https:\/\/firmalan.com\/sv\/wp-content\/uploads\/2018\/06\/maginalen-logo-150x75.png","type":"","width":"","height":""}],"twitter_card":"summary_large_image","twitter_misc":{"Ber\u00e4knad l\u00e4stid":"5 minuter"},"schema":{"@context":"https:\/\/schema.org","@graph":[{"@type":"WebPage","@id":"https:\/\/firmalan.noordev.se\/sv\/foretagskort\/kreditkort\/","url":"https:\/\/firmalan.noordev.se\/sv\/foretagskort\/kreditkort\/","name":"F\u00f6retagskreditkort & privat kreditkort till anst\u00e4llda i tj\u00e4nst\/f\u00f6retag","isPartOf":{"@id":"https:\/\/firmalan.noordev.se\/sv\/#website"},"primaryImageOfPage":{"@id":"https:\/\/firmalan.noordev.se\/sv\/foretagskort\/kreditkort\/#primaryimage"},"image":{"@id":"https:\/\/firmalan.noordev.se\/sv\/foretagskort\/kreditkort\/#primaryimage"},"thumbnailUrl":"https:\/\/firmalan.com\/sv\/wp-content\/uploads\/2018\/06\/maginalen-logo-150x75.png","datePublished":"2019-03-30T15:40:57+00:00","dateModified":"2026-07-29T13:51:14+00:00","breadcrumb":{"@id":"https:\/\/firmalan.noordev.se\/sv\/foretagskort\/kreditkort\/#breadcrumb"},"inLanguage":"sv-SE","potentialAction":[{"@type":"ReadAction","target":["https:\/\/firmalan.noordev.se\/sv\/foretagskort\/kreditkort\/"]}]},{"@type":"ImageObject","inLanguage":"sv-SE","@id":"https:\/\/firmalan.noordev.se\/sv\/foretagskort\/kreditkort\/#primaryimage","url":"https:\/\/firmalan.com\/sv\/wp-content\/uploads\/2018\/06\/maginalen-logo-150x75.png","contentUrl":"https:\/\/firmalan.com\/sv\/wp-content\/uploads\/2018\/06\/maginalen-logo-150x75.png"},{"@type":"BreadcrumbList","@id":"https:\/\/firmalan.noordev.se\/sv\/foretagskort\/kreditkort\/#breadcrumb","itemListElement":[{"@type":"ListItem","position":1,"name":"Home","item":"https:\/\/firmalan.noordev.se\/sv\/"},{"@type":"ListItem","position":2,"name":"F\u00f6retagskort","item":"https:\/\/firmalan.noordev.se\/sv\/foretagskort\/"},{"@type":"ListItem","position":3,"name":"Kreditkort"}]},{"@type":"WebSite","@id":"https:\/\/firmalan.noordev.se\/sv\/#website","url":"https:\/\/firmalan.noordev.se\/sv\/","name":"Firmalan.com","description":"Small business loans and company credits","publisher":{"@id":"https:\/\/firmalan.noordev.se\/sv\/#organization"},"potentialAction":[{"@type":"SearchAction","target":{"@type":"EntryPoint","urlTemplate":"https:\/\/firmalan.noordev.se\/sv\/?s={search_term_string}"},"query-input":{"@type":"PropertyValueSpecification","valueRequired":true,"valueName":"search_term_string"}}],"inLanguage":"sv-SE"},{"@type":"Organization","@id":"https:\/\/firmalan.noordev.se\/sv\/#organization","name":"Firmalan.com","url":"https:\/\/firmalan.noordev.se\/sv\/","logo":{"@type":"ImageObject","inLanguage":"sv-SE","@id":"https:\/\/firmalan.noordev.se\/sv\/#\/schema\/logo\/image\/","url":"https:\/\/firmalan.noordev.se\/wp-content\/uploads\/2026\/07\/logo.png","contentUrl":"https:\/\/firmalan.noordev.se\/wp-content\/uploads\/2026\/07\/logo.png","width":250,"height":65,"caption":"Firmalan.com"},"image":{"@id":"https:\/\/firmalan.noordev.se\/sv\/#\/schema\/logo\/image\/"}}]}},"_links":{"self":[{"href":"https:\/\/firmalan.noordev.se\/sv\/wp-json\/wp\/v2\/pages\/1362","targetHints":{"allow":["GET"]}}],"collection":[{"href":"https:\/\/firmalan.noordev.se\/sv\/wp-json\/wp\/v2\/pages"}],"about":[{"href":"https:\/\/firmalan.noordev.se\/sv\/wp-json\/wp\/v2\/types\/page"}],"author":[{"embeddable":true,"href":"https:\/\/firmalan.noordev.se\/sv\/wp-json\/wp\/v2\/users\/1"}],"replies":[{"embeddable":true,"href":"https:\/\/firmalan.noordev.se\/sv\/wp-json\/wp\/v2\/comments?post=1362"}],"version-history":[{"count":2,"href":"https:\/\/firmalan.noordev.se\/sv\/wp-json\/wp\/v2\/pages\/1362\/revisions"}],"predecessor-version":[{"id":3259,"href":"https:\/\/firmalan.noordev.se\/sv\/wp-json\/wp\/v2\/pages\/1362\/revisions\/3259"}],"up":[{"embeddable":true,"href":"https:\/\/firmalan.noordev.se\/sv\/wp-json\/wp\/v2\/pages\/2498"}],"wp:attachment":[{"href":"https:\/\/firmalan.noordev.se\/sv\/wp-json\/wp\/v2\/media?parent=1362"}],"curies":[{"name":"wp","href":"https:\/\/api.w.org\/{rel}","templated":true}]}}