{"id":808,"date":"2018-10-02T10:54:00","date_gmt":"2018-10-02T08:54:00","guid":{"rendered":"https:\/\/firmalan.com\/sv\/?page_id=808"},"modified":"2018-10-02T10:54:00","modified_gmt":"2018-10-02T08:54:00","slug":"ativo-finans","status":"publish","type":"lana-pengar","link":"https:\/\/firmalan.noordev.se\/sv\/lana-pengar\/ativo-finans\/","title":{"rendered":"Ativo Finans+"},"content":{"rendered":"\n<div class=\"section-content\">\n<div class=\"row\">\n<div class=\"feature-item col-lg-6 col-sm-6 wow slideInUp\">\n<figure><img decoding=\"async\" src=\"https:\/\/firmalan.noordev.se\/wp-content\/uploads\/2018\/10\/ativo-logo.jpg\"><\/figure><div class=\"feature-media\"><\/div>\n<\/div>\n<div class=\"feature-item col-lg-6 col-sm-6 wow slideInUp\">\n<p>Ativo Finans+ med bas i M\u00f6lndal strax utanf\u00f6r G\u00f6teborg grundades som Factoringgruppen 2007. Ativos verksamhet fokuserar p\u00e5 finansiering till sm\u00e5- och medelstora f\u00f6retag.<\/p>\n<h3>F\u00f6retagsl\u00e5n<\/h3>\n<p>Ativo f\u00f6retagsl\u00e5n \u00e4r en checkkredit\/kontokredit p\u00e5 upp till 250.000 kr. D\u00e4r kunden endast betalar f\u00f6r den del av krediten som man faktiskt utnyttjar.<\/p>\n<h3>Ativo f\u00f6retagsleasing<\/h3>\n<p>L\u00f6pande flexibla hyresavtal f\u00f6r maskiner och utrustning, vilket g\u00f6r det m\u00f6jligt f\u00f6r f\u00f6retag att frig\u00f6ra kapital till verksamheten ist\u00e4llet f\u00f6r att l\u00e5sa fast dessa pengar vid dyra investeringar.<\/p>\n<h3>Factoring<\/h3>\n<p>\u00d6ka likviditeten i verksamheten p\u00e5 ett snabbt och enkelt vis genom att s\u00e4lja eller bel\u00e5na obetalda fakturor.<\/p>\n<\/div>\n<\/div>\n<\/div>\n\n\n\n<div class=\"section-color\">\n<div class=\"row\">\n<div class=\"feature-item col-lg-6 col-sm-6 wow slideInUp\">\n<p class=\"kapitel\">Checkkredit\/<\/p>\n<ul id=\"navlist\">\n<li>Belopp: Upp till 250.000 kr<\/li>\n<li>L\u00f6ptid: 6-12 m\u00e5n<\/li>\n<li>R\u00e4ntesats: Uppgift saknas<\/li>\n<\/ul>\n<\/div>\n<div class=\"feature-item col-lg-6 col-sm-6 wow slideInUp\">\n<p class=\"kapitel\">Ans\u00f6kan<\/p>\n<ul id=\"navlist\">\n<li>Ans\u00f6k direkt online med BankID<\/li>\n<li>Efter godk\u00e4nnande kopplas krediten ihop med ert f\u00f6retagskonto<\/li>\n<li>Vid behov kan uttag g\u00f6ras fr\u00e5n checkkrediten p\u00e5 upp till 250.000 kr<\/li>\n<\/ul>\n<\/div>\n<\/div>\n<\/div>\n\n\n\n<p class=\"wp-block-paragraph\"><span style=\"color: #00529c; font-size: 16pt;\">Villkor:<\/span><\/p>\n\n\n\n<figure class=\"wp-block-table\"><table class=\"has-fixed-layout\"><tbody><tr><td><span style=\"color: #ffffff;\">R\u00e4nta<\/span><\/td><td>Uppgift saknas<\/td><\/tr><tr><td><span style=\"color: #ffffff;\">Uppl\u00e4ggningsavgift<\/span><\/td><td>Kostnad varierar beroende p\u00e5 uppl\u00e4gg<\/td><\/tr><tr><td><span style=\"color: #ffffff;\">Borgens\u00e5tagande<\/span><\/td><td>Uppgift saknas.<\/td><\/tr><tr><td><span style=\"color: #ffffff;\">F\u00f6rtidsinl\u00f6sen<\/span><\/td><td>Se avtal.<\/td><\/tr><tr><td><span style=\"color: #ffffff;\">Betalningsanm\u00e4rkning<\/span><\/td><td>Anm\u00e4rkningar godtas ej.<\/td><\/tr><\/tbody><\/table><\/figure>\n\n\n\n<p class=\"wp-block-paragraph\"><span style=\"color: #00529c; font-size: 16pt;\">Krav p\u00e5 f\u00f6retag som s\u00f6ker:<\/span><\/p>\n\n\n\n<figure class=\"wp-block-table\"><table class=\"has-fixed-layout\"><tbody><tr><td><span style=\"color: #ffffff;\">Oms\u00e4ttning<\/span><\/td><td>Uppgift saknas.<\/td><\/tr><tr><td><span style=\"color: #ffffff;\">Historik<\/span><\/td><td>Slagningar mot s\u00e4rskilda register kommer g\u00f6ras f\u00f6r att g\u00e5 igenom vilka kreditrisker som f\u00f6religger.<\/td><\/tr><tr><td><span style=\"color: #ffffff;\">\u00c4garskap<\/span><\/td><td>Ans\u00f6kan kan endast uppr\u00e4ttas av VD eller annan firmatecknare.<\/td><\/tr><tr><td><span style=\"color: #ffffff;\">F\u00f6retagsadress<\/span><\/td><td>Etablerat som aktiebolag i Skandinavien.<\/td><\/tr><\/tbody><\/table><\/figure>\n\n\n\n<p class=\"wp-block-paragraph\"><span style=\"color: #00529c; font-size: 16pt;\">F\u00f6ljande information\/dokumentation kan beh\u00f6vas:<\/span><\/p>\n\n\n\n<ul class=\"wp-block-list\">\n<li>Ledande roll i f\u00f6retaget, s\u00e5 som att \u00e4r man \u00e4r VD, styrelsemedlem eller suppleant i styrelsen<\/li>\n\n\n\n<li>Du skall ha namnteckningsr\u00e4tt i f\u00f6retaget ensam eller tillsammans annan person<\/li>\n\n\n\n<li>Registreringsbevis<\/li>\n\n\n\n<li>\u00c4garstrukturen, organisationsstruktur<\/li>\n\n\n\n<li>Balansr\u00e4kning<\/li>\n\n\n\n<li>Budget<\/li>\n\n\n\n<li>\u00c5rsredovisningar<\/li>\n<\/ul>\n\n\n\n<hr class=\"wp-block-separator has-alpha-channel-opacity\"\/>\n\n\n\n<p class=\"wp-block-paragraph\">&nbsp;<\/p>\n\n\n\n<h4 class=\"wp-block-heading\">\u00d6PPETTIDER KUNDTJ\u00c4NST:<\/h4>\n\n\n\n<figure class=\"wp-block-table table table-striped\"><table class=\"has-fixed-layout\"><tbody><tr><td>M\u00e5ndag \u2013 Fredag<\/td><td>08:00 \u2013 17:00<\/td><\/tr><tr><td>L\u00f6rdag<\/td><td>St\u00e4ngt<\/td><\/tr><tr><td>S\u00f6ndag<\/td><td>St\u00e4ngt<\/td><\/tr><\/tbody><\/table><\/figure>\n\n\n\n<p class=\"wp-block-paragraph\">*Svar inom 24 timmar<\/p>\n\n\n\n<blockquote class=\"wp-block-quote is-layout-flow wp-block-quote-is-layout-flow\">\n<p class=\"wp-block-paragraph\">Telefon: 020 &#8211; 191 200<br>\nE-mail: <a href=\"mailto:info@ativofinans.se\">info@ativofinans.se.<\/a><\/p>\n<\/blockquote>\n\n\n\n<blockquote class=\"wp-block-quote theme is-layout-flow wp-block-quote-is-layout-flow\">\n<p class=\"wp-block-paragraph\">Ativo Finans AB<\/p>\n\n\n\n<h4 class=\"wp-block-heading\">ADRESS:<\/h4>\n\n\n\n<p class=\"wp-block-paragraph\">Kroksl\u00e4tts Fabriker 30<br>\n431 37 M\u00f6lndal<br>\nOrg. nr: 556481-1833<\/p>\n<\/blockquote>\n","protected":false},"excerpt":{"rendered":"<p>Ativo Finans+ med bas i M\u00f6lndal strax utanf\u00f6r G\u00f6teborg grundades som Factoringgruppen 2007. Ativos verksamhet fokuserar p\u00e5 finansiering till sm\u00e5- och medelstora f\u00f6retag. F\u00f6retagsl\u00e5n Ativo f\u00f6retagsl\u00e5n \u00e4r en checkkredit\/kontokredit p\u00e5 upp till 250.000 kr. D\u00e4r kunden endast betalar f\u00f6r den del av krediten som man faktiskt utnyttjar. Ativo f\u00f6retagsleasing L\u00f6pande flexibla hyresavtal f\u00f6r maskiner och [&hellip;]<\/p>\n","protected":false},"author":1,"featured_media":809,"parent":0,"menu_order":5,"template":"","meta":{"inline_featured_image":false,"nb_info_lana_pengar":"<table>\n <tr>\n    <TD BGCOLOR=\"#000\"> <FONT COLOR=\"#FFF\">Kontokredit<\/font><\/td>\n    <td>upp till 250.000 kr<\/td>\n\n  <\/tr>\n  \n   <tr>\n    <TD BGCOLOR=\"#000\"> <FONT COLOR=\"#FFF\">L\u00f6ptid<\/font><\/td>\n    <td>6-12 m\u00e5n<\/td>\n\t\n  <\/tr>\n  \n   <tr>\n    <TD BGCOLOR=\"#000\"> <FONT COLOR=\"#FFF\">Uppl\u00e4ggningsavgift<\/font><\/td>\n    <td>Info saknas<\/td>\n\t\n  <\/tr>\n   <tr>\n    <TD BGCOLOR=\"#000\"> <FONT COLOR=\"#FFF\">R\u00e4nta\/kostnad<\/font><\/td>\n    <td>Info saknas<\/td>\n\n  <\/tr>\n  <tr>\n    <TD BGCOLOR=\"#000\"> <FONT COLOR=\"#FFF\">F\u00f6retagskredit i annan valuta<\/font><\/td>\n    <td>Nej<\/td>\n\n  <\/tr>\n  <tr>\n    <TD BGCOLOR=\"#000\"> <FONT COLOR=\"#FFF\">Krav<\/font><\/td>\n    <td>\n\t1.Anv\u00e4nd krediten endast n\u00e4r det beh\u00f6vs<br>\n2.Kr\u00e4ver tillg\u00e5ng till BankID\n<\/td>\n\n  <\/tr>\n  \n \n\n<\/table>","nb_belopp_lana_pengar":"Upp till 250.000 kr","nb_bolag_lana_pengar":"Ativo Finans AB","nb_bolagsformer_lana_pengar":"","nb_borgen_lana_pengar":"","nb_oppettider_lana_pengar":"M\u00e5ndag;08:00-17:00,Tisdag;08:00-17:00,Onsdag;08:00-17:00,Torsdag;08:00-17:00,Fredag;08:00-16:00,L\u00f6rdag;St\u00e4ngt,S\u00f6ndag;St\u00e4ngt","nb_org_lana_pengar":"556481-1833","nb_vd_lana_pengar":"Lars Fredrik Jansson","nb_link_lana_pengar":"https:\/\/firmalan.com\/sv\/go\/ativo-finans\/","nb_min_rating_lana_pengar":"60","nb_extra_lana_pengar":"","nb_lopt_id_lana_pengar":"","nb_ranta_lana_pengar":"","nb_abningstider_lana_pengar":"","nb_anstallda_lana_pengar":"20","nb_chat_lana_pengar":"","nb_cvr_lana_pengar":"","nb_email_lana_pengar":"","nb_epost_lana_pengar":"","nb_finanstilsynet_lana_pengar":"","nb_ft_lana_pengar":"","nb_google_lana_pengar":"4(4)","nb_grundlagt_lana_pengar":"","nb_handelsnavn_lana_pengar":"","nb_klage_lana_pengar":"","nb_lista_lana_pengar":"","nb_nace_lana_pengar":"","nb_noloan_lana_pengar":"Noloan","nb_omsattning_lana_pengar":"53939,48823,43203","nb_postadresse_lana_pengar":"","nb_rentesats_lana_pengar":"","nb_sikkerhed_lana_pengar":"","nb_ssl_lana_pengar":"","nb_tel_lana_pengar":"","nb_totaltantal_lana_pengar":"M\u00e5ndag;08:00-17:00,Tisdag;08:00-17:00,Onsdag;08:00-17:00,Torsdag;08:00-17:00,Fredag;08:00-16:00,L\u00f6rdag;St\u00e4ngt,S\u00f6ndag;St\u00e4ngt","nb_hemsida_lana_pengar":"","nb_company_lana_pengar":"","nb_cost_lana_pengar":"","nb_foundation_costs_lana_pengar":"","footnotes":""},"class_list":["post-808","lana-pengar","type-lana-pengar","status-publish","has-post-thumbnail","hentry"],"yoast_head":"<!-- This site is optimized with the Yoast SEO plugin v28.2 - https:\/\/yoast.com\/product\/yoast-seo-wordpress\/ -->\n<title>Ativo Finans+ finansieringstj\u00e4nster f\u00f6r v\u00e4xande sm\u00e5bolag<\/title>\n<meta name=\"robots\" content=\"noindex, follow, max-snippet:-1, max-image-preview:large, max-video-preview:-1\" \/>\n<meta property=\"og:locale\" content=\"sv_SE\" \/>\n<meta property=\"og:type\" content=\"article\" \/>\n<meta property=\"og:title\" content=\"Ativo Finans+ finansieringstj\u00e4nster f\u00f6r v\u00e4xande sm\u00e5bolag\" \/>\n<meta property=\"og:description\" content=\"Ativo Finans+ med bas i M\u00f6lndal strax utanf\u00f6r G\u00f6teborg grundades som Factoringgruppen 2007. Ativos verksamhet fokuserar p\u00e5 finansiering till sm\u00e5- och medelstora f\u00f6retag. F\u00f6retagsl\u00e5n Ativo f\u00f6retagsl\u00e5n \u00e4r en checkkredit\/kontokredit p\u00e5 upp till 250.000 kr. D\u00e4r kunden endast betalar f\u00f6r den del av krediten som man faktiskt utnyttjar. Ativo f\u00f6retagsleasing L\u00f6pande flexibla hyresavtal f\u00f6r maskiner och [&hellip;]\" \/>\n<meta property=\"og:url\" content=\"https:\/\/firmalan.noordev.se\/sv\/lana-pengar\/ativo-finans\/\" \/>\n<meta property=\"og:site_name\" content=\"Firmalan.com\" \/>\n<meta property=\"og:image\" content=\"https:\/\/firmalan.noordev.se\/wp-content\/uploads\/2018\/10\/ativo-logo.jpg\" \/>\n\t<meta property=\"og:image:width\" content=\"300\" \/>\n\t<meta property=\"og:image:height\" content=\"150\" \/>\n\t<meta property=\"og:image:type\" content=\"image\/jpeg\" \/>\n<meta name=\"twitter:card\" content=\"summary_large_image\" \/>\n<meta name=\"twitter:label1\" content=\"Ber\u00e4knad l\u00e4stid\" \/>\n\t<meta name=\"twitter:data1\" content=\"1 minut\" \/>\n<script type=\"application\/ld+json\" class=\"yoast-schema-graph\">{\"@context\":\"https:\\\/\\\/schema.org\",\"@graph\":[{\"@type\":\"WebPage\",\"@id\":\"https:\\\/\\\/firmalan.noordev.se\\\/sv\\\/lana-pengar\\\/ativo-finans\\\/\",\"url\":\"https:\\\/\\\/firmalan.noordev.se\\\/sv\\\/lana-pengar\\\/ativo-finans\\\/\",\"name\":\"Ativo Finans+ finansieringstj\u00e4nster f\u00f6r v\u00e4xande sm\u00e5bolag\",\"isPartOf\":{\"@id\":\"https:\\\/\\\/firmalan.noordev.se\\\/sv\\\/#website\"},\"primaryImageOfPage\":{\"@id\":\"https:\\\/\\\/firmalan.noordev.se\\\/sv\\\/lana-pengar\\\/ativo-finans\\\/#primaryimage\"},\"image\":{\"@id\":\"https:\\\/\\\/firmalan.noordev.se\\\/sv\\\/lana-pengar\\\/ativo-finans\\\/#primaryimage\"},\"thumbnailUrl\":\"https:\\\/\\\/firmalan.noordev.se\\\/wp-content\\\/uploads\\\/2018\\\/10\\\/ativo-logo.jpg\",\"datePublished\":\"2018-10-02T08:54:00+00:00\",\"breadcrumb\":{\"@id\":\"https:\\\/\\\/firmalan.noordev.se\\\/sv\\\/lana-pengar\\\/ativo-finans\\\/#breadcrumb\"},\"inLanguage\":\"sv-SE\",\"potentialAction\":[{\"@type\":\"ReadAction\",\"target\":[\"https:\\\/\\\/firmalan.noordev.se\\\/sv\\\/lana-pengar\\\/ativo-finans\\\/\"]}]},{\"@type\":\"ImageObject\",\"inLanguage\":\"sv-SE\",\"@id\":\"https:\\\/\\\/firmalan.noordev.se\\\/sv\\\/lana-pengar\\\/ativo-finans\\\/#primaryimage\",\"url\":\"https:\\\/\\\/firmalan.noordev.se\\\/wp-content\\\/uploads\\\/2018\\\/10\\\/ativo-logo.jpg\",\"contentUrl\":\"https:\\\/\\\/firmalan.noordev.se\\\/wp-content\\\/uploads\\\/2018\\\/10\\\/ativo-logo.jpg\",\"width\":300,\"height\":150},{\"@type\":\"BreadcrumbList\",\"@id\":\"https:\\\/\\\/firmalan.noordev.se\\\/sv\\\/lana-pengar\\\/ativo-finans\\\/#breadcrumb\",\"itemListElement\":[{\"@type\":\"ListItem\",\"position\":1,\"name\":\"Home\",\"item\":\"https:\\\/\\\/firmalan.noordev.se\\\/sv\\\/\"},{\"@type\":\"ListItem\",\"position\":2,\"name\":\"Ativo Finans+\"}]},{\"@type\":\"WebSite\",\"@id\":\"https:\\\/\\\/firmalan.noordev.se\\\/sv\\\/#website\",\"url\":\"https:\\\/\\\/firmalan.noordev.se\\\/sv\\\/\",\"name\":\"Firmalan.com\",\"description\":\"Small business loans and company credits\",\"publisher\":{\"@id\":\"https:\\\/\\\/firmalan.noordev.se\\\/sv\\\/#organization\"},\"potentialAction\":[{\"@type\":\"SearchAction\",\"target\":{\"@type\":\"EntryPoint\",\"urlTemplate\":\"https:\\\/\\\/firmalan.noordev.se\\\/sv\\\/?s={search_term_string}\"},\"query-input\":{\"@type\":\"PropertyValueSpecification\",\"valueRequired\":true,\"valueName\":\"search_term_string\"}}],\"inLanguage\":\"sv-SE\"},{\"@type\":\"Organization\",\"@id\":\"https:\\\/\\\/firmalan.noordev.se\\\/sv\\\/#organization\",\"name\":\"Firmalan.com\",\"url\":\"https:\\\/\\\/firmalan.noordev.se\\\/sv\\\/\",\"logo\":{\"@type\":\"ImageObject\",\"inLanguage\":\"sv-SE\",\"@id\":\"https:\\\/\\\/firmalan.noordev.se\\\/sv\\\/#\\\/schema\\\/logo\\\/image\\\/\",\"url\":\"https:\\\/\\\/firmalan.noordev.se\\\/wp-content\\\/uploads\\\/2026\\\/07\\\/logo.png\",\"contentUrl\":\"https:\\\/\\\/firmalan.noordev.se\\\/wp-content\\\/uploads\\\/2026\\\/07\\\/logo.png\",\"width\":250,\"height\":65,\"caption\":\"Firmalan.com\"},\"image\":{\"@id\":\"https:\\\/\\\/firmalan.noordev.se\\\/sv\\\/#\\\/schema\\\/logo\\\/image\\\/\"}}]}<\/script>\n<!-- \/ Yoast SEO plugin. -->","yoast_head_json":{"title":"Ativo Finans+ finansieringstj\u00e4nster f\u00f6r v\u00e4xande sm\u00e5bolag","robots":{"index":"noindex","follow":"follow","max-snippet":"max-snippet:-1","max-image-preview":"max-image-preview:large","max-video-preview":"max-video-preview:-1"},"og_locale":"sv_SE","og_type":"article","og_title":"Ativo Finans+ finansieringstj\u00e4nster f\u00f6r v\u00e4xande sm\u00e5bolag","og_description":"Ativo Finans+ med bas i M\u00f6lndal strax utanf\u00f6r G\u00f6teborg grundades som Factoringgruppen 2007. Ativos verksamhet fokuserar p\u00e5 finansiering till sm\u00e5- och medelstora f\u00f6retag. F\u00f6retagsl\u00e5n Ativo f\u00f6retagsl\u00e5n \u00e4r en checkkredit\/kontokredit p\u00e5 upp till 250.000 kr. D\u00e4r kunden endast betalar f\u00f6r den del av krediten som man faktiskt utnyttjar. Ativo f\u00f6retagsleasing L\u00f6pande flexibla hyresavtal f\u00f6r maskiner och [&hellip;]","og_url":"https:\/\/firmalan.noordev.se\/sv\/lana-pengar\/ativo-finans\/","og_site_name":"Firmalan.com","og_image":[{"width":300,"height":150,"url":"https:\/\/firmalan.noordev.se\/wp-content\/uploads\/2018\/10\/ativo-logo.jpg","type":"image\/jpeg"}],"twitter_card":"summary_large_image","twitter_misc":{"Ber\u00e4knad l\u00e4stid":"1 minut"},"schema":{"@context":"https:\/\/schema.org","@graph":[{"@type":"WebPage","@id":"https:\/\/firmalan.noordev.se\/sv\/lana-pengar\/ativo-finans\/","url":"https:\/\/firmalan.noordev.se\/sv\/lana-pengar\/ativo-finans\/","name":"Ativo Finans+ finansieringstj\u00e4nster f\u00f6r v\u00e4xande sm\u00e5bolag","isPartOf":{"@id":"https:\/\/firmalan.noordev.se\/sv\/#website"},"primaryImageOfPage":{"@id":"https:\/\/firmalan.noordev.se\/sv\/lana-pengar\/ativo-finans\/#primaryimage"},"image":{"@id":"https:\/\/firmalan.noordev.se\/sv\/lana-pengar\/ativo-finans\/#primaryimage"},"thumbnailUrl":"https:\/\/firmalan.noordev.se\/wp-content\/uploads\/2018\/10\/ativo-logo.jpg","datePublished":"2018-10-02T08:54:00+00:00","breadcrumb":{"@id":"https:\/\/firmalan.noordev.se\/sv\/lana-pengar\/ativo-finans\/#breadcrumb"},"inLanguage":"sv-SE","potentialAction":[{"@type":"ReadAction","target":["https:\/\/firmalan.noordev.se\/sv\/lana-pengar\/ativo-finans\/"]}]},{"@type":"ImageObject","inLanguage":"sv-SE","@id":"https:\/\/firmalan.noordev.se\/sv\/lana-pengar\/ativo-finans\/#primaryimage","url":"https:\/\/firmalan.noordev.se\/wp-content\/uploads\/2018\/10\/ativo-logo.jpg","contentUrl":"https:\/\/firmalan.noordev.se\/wp-content\/uploads\/2018\/10\/ativo-logo.jpg","width":300,"height":150},{"@type":"BreadcrumbList","@id":"https:\/\/firmalan.noordev.se\/sv\/lana-pengar\/ativo-finans\/#breadcrumb","itemListElement":[{"@type":"ListItem","position":1,"name":"Home","item":"https:\/\/firmalan.noordev.se\/sv\/"},{"@type":"ListItem","position":2,"name":"Ativo Finans+"}]},{"@type":"WebSite","@id":"https:\/\/firmalan.noordev.se\/sv\/#website","url":"https:\/\/firmalan.noordev.se\/sv\/","name":"Firmalan.com","description":"Small business loans and company credits","publisher":{"@id":"https:\/\/firmalan.noordev.se\/sv\/#organization"},"potentialAction":[{"@type":"SearchAction","target":{"@type":"EntryPoint","urlTemplate":"https:\/\/firmalan.noordev.se\/sv\/?s={search_term_string}"},"query-input":{"@type":"PropertyValueSpecification","valueRequired":true,"valueName":"search_term_string"}}],"inLanguage":"sv-SE"},{"@type":"Organization","@id":"https:\/\/firmalan.noordev.se\/sv\/#organization","name":"Firmalan.com","url":"https:\/\/firmalan.noordev.se\/sv\/","logo":{"@type":"ImageObject","inLanguage":"sv-SE","@id":"https:\/\/firmalan.noordev.se\/sv\/#\/schema\/logo\/image\/","url":"https:\/\/firmalan.noordev.se\/wp-content\/uploads\/2026\/07\/logo.png","contentUrl":"https:\/\/firmalan.noordev.se\/wp-content\/uploads\/2026\/07\/logo.png","width":250,"height":65,"caption":"Firmalan.com"},"image":{"@id":"https:\/\/firmalan.noordev.se\/sv\/#\/schema\/logo\/image\/"}}]}},"_links":{"self":[{"href":"https:\/\/firmalan.noordev.se\/sv\/wp-json\/wp\/v2\/lana-pengar\/808","targetHints":{"allow":["GET"]}}],"collection":[{"href":"https:\/\/firmalan.noordev.se\/sv\/wp-json\/wp\/v2\/lana-pengar"}],"about":[{"href":"https:\/\/firmalan.noordev.se\/sv\/wp-json\/wp\/v2\/types\/lana-pengar"}],"author":[{"embeddable":true,"href":"https:\/\/firmalan.noordev.se\/sv\/wp-json\/wp\/v2\/users\/1"}],"version-history":[{"count":0,"href":"https:\/\/firmalan.noordev.se\/sv\/wp-json\/wp\/v2\/lana-pengar\/808\/revisions"}],"wp:featuredmedia":[{"embeddable":true,"href":"https:\/\/firmalan.noordev.se\/sv\/wp-json\/wp\/v2\/media\/809"}],"wp:attachment":[{"href":"https:\/\/firmalan.noordev.se\/sv\/wp-json\/wp\/v2\/media?parent=808"}],"curies":[{"name":"wp","href":"https:\/\/api.w.org\/{rel}","templated":true}]}}